{"id":93,"date":"2018-03-16T10:41:27","date_gmt":"2018-03-16T09:41:27","guid":{"rendered":"https:\/\/dfgs-freiburg.de\/?page_id=93"},"modified":"2024-11-08T13:02:53","modified_gmt":"2024-11-08T12:02:53","slug":"elternbeirat","status":"publish","type":"page","link":"https:\/\/dfgs-freiburg.de\/?page_id=93","title":{"rendered":"Elternbeirat"},"content":{"rendered":"<p><strong>Vorsitzender<\/strong>: Fabien Coydon<br \/>\n<strong>Stellvertretende Vorsitzende<\/strong>: Annabelle von Kalckreuth<\/p>\n<p>Der <strong>Elternbeirat<\/strong> setzt sich aus <strong>allen gew\u00e4hlten Elternvertretern<\/strong> zusammen (2 pro Klasse, d.h. insgesamt 10).<\/p>\n<p>Die Elternvertreter verstehen sich als <strong>Bindeglied zwischen den Sch\u00fclereltern und den Rektorinnen und dem Lehrerkollegium<\/strong> um bei den Elternbeiratssitzungen (2\/Jahr) alle p\u00e4dagogischen und den Schulalltag betreffende Fragen zu besprechen.<br \/>\nSie k\u00f6nnen ebenso <strong>verschiedene Projekte<\/strong> vorschlagen oder Themenabende organisieren (zB \u00fcber Gewalt an den Schulen, Medienkonsum\u2026).<\/p>\n<p>Die Elternbeiratsvorsitzenden plus 2 gew\u00e4hlte Elternvertreter sind vollwertige Mitglieder der Schulkonferenz und haben Stimmrecht.<\/p>\n<p><strong>Was macht der Elternbeirat?<\/strong><\/p>\n<p>Er trifft sich 2x pro Jahr und hat folgende Aufgabe:<\/p>\n<p>&#8211; Kommunikation von Anliegen zwischen Elternschaft und Schule<br \/>\n&#8211; unterbreitet Vorschl\u00e4ge oder \u00e4ussert seine Meinung zum Ablauf der Schule oder zu allen anderen das Schulleben betreffenden Fragen: Inklusive, Schulkantine, Hygiene in der Schule, Sicherheit der Kinder, etc.<br \/>\n&#8211; erteilt sein Einverst\u00e4ndnis zur Organisation diverser Aktivit\u00e4ten (p\u00e4dagogisch, sportlich, kulturell\u2026)<\/p>\n<p>Er kann auch Vorschl\u00e4ge zu alternativen Projekten w\u00e4hrend der Schulzeit unterbreiten (zB Chor o.\u00e4.)<\/p>\n","protected":false},"excerpt":{"rendered":"<p>Vorsitzender: Fabien Coydon Stellvertretende Vorsitzende: Annabelle von Kalckreuth Der Elternbeirat setzt sich aus allen gew\u00e4hlten Elternvertretern zusammen (2 pro Klasse, d.h. insgesamt 10). Die Elternvertreter verstehen sich als Bindeglied zwischen den Sch\u00fclereltern und den Rektorinnen und dem Lehrerkollegium um bei &hellip; <\/p>\n","protected":false},"author":1,"featured_media":0,"parent":91,"menu_order":0,"comment_status":"closed","ping_status":"closed","template":"","meta":{"jetpack_post_was_ever_published":false,"footnotes":""},"class_list":["post-93","page","type-page","status-publish","hentry"],"jetpack-related-posts":[{"id":98,"url":"https:\/\/dfgs-freiburg.de\/?page_id=98","url_meta":{"origin":93,"position":0},"title":"F\u00f6rderverein","author":"Daniel Le Bras-Lerouge","date":"16. mars 2018","format":false,"excerpt":"Der F\u00f6rderverein der Grundschule besteht aus Vorstandsmitgliedern des Vereins \u00e9cole 92 e.V. Der Verein unterst\u00fctzt die kulturellen Aktivit\u00e4ten an der Grundschule seit seiner Gr\u00fcndung im Jahr 1992. Details zur Geschichte des Vereins finden Sie hier. Der Verein ist insbesondere auch der Tr\u00e4ger der deutsch-franz\u00f6sischen Kita, die sich ganz in der\u2026","rel":"","context":"Article similaire","block_context":{"text":"Article similaire","link":""},"img":{"alt_text":"","src":"","width":0,"height":0},"classes":[]},{"id":612,"url":"https:\/\/dfgs-freiburg.de\/?page_id=612","url_meta":{"origin":93,"position":1},"title":"Impressum","author":"Daniel Le Bras-Lerouge","date":"15. octobre 2018","format":false,"excerpt":"Deutsch-franz\u00f6sische Grundschule Freiburg Belchenstra\u00dfe 2 D - 79115 Freiburg Telefon: +49 761 4762243 E-Mail: sekretariat.dfgsvn@freiburger-schulen.bwl.de Internet: www.dfgs-freiburg.de Leitung \/ Direction: Karolin Burghardt (d) Catherine Bras-Henkes (f) Die Website wurde gestaltet von Johannes Charra. Die Texte werden von der Schulleitung und dem p\u00e4dagogischen Team erstellt und gepflegt. Das Layout basiert auf\u2026","rel":"","context":"Article similaire","block_context":{"text":"Article similaire","link":""},"img":{"alt_text":"","src":"","width":0,"height":0},"classes":[]},{"id":73,"url":"https:\/\/dfgs-freiburg.de\/?page_id=73","url_meta":{"origin":93,"position":2},"title":"Gestaltung","author":"Daniel Le Bras-Lerouge","date":"2. f\u00e9vrier 2018","format":false,"excerpt":"Unterricht Im Unterricht werden die ca. 120 Sch\u00fcler\/innen sowohl im Rahmen des franz\u00f6sischen, als auch des deutschen Bildungsplanes auf die Ziele der jeweiligen Klassenstufe hingef\u00fchrt. Jede Klasse wird von einem deutsch-franz\u00f6sischen Lehrertandem unterrichtet. Unter den Lehrkr\u00e4ften findet eine w\u00f6chentliche Besprechung statt zur genauen Koordination des Unterrichts und zur Vorbereitung zweisprachiger\u2026","rel":"","context":"Article similaire","block_context":{"text":"Article similaire","link":""},"img":{"alt_text":"","src":"https:\/\/i0.wp.com\/dfgs-freiburg.de\/wp-content\/uploads\/2018\/09\/frankreich.png?resize=350%2C200&ssl=1","width":350,"height":200},"classes":[]},{"id":102,"url":"https:\/\/dfgs-freiburg.de\/?page_id=102","url_meta":{"origin":93,"position":3},"title":"Schulkindbetreuung","author":"Daniel Le Bras-Lerouge","date":"16. mars 2018","format":false,"excerpt":"Schulkindbetreuung an der Deutsch-Franz\u00f6sischen Grundschule Seit dem Schuljahr 2020\/21 wird die Nachmittagsbetreuung an der Deutsch-Franz\u00f6sischen Grundschule nach dem Konzept der Schulkindbetreuung der Stadt Freiburg durchgef\u00fchrt. Die Schulkindbetreuung hat die Stadt Freiburg als freiwillige Aufgabe gem\u00e4\u00df \u00a72 der Gemeindeordnung eingerichtet. Tr\u00e4ger der Schulkindbetreuung an der Deutsch-Franz\u00f6sischen Grundschule ist die Evangelische Jugendhilfe\u2026","rel":"","context":"Article similaire","block_context":{"text":"Article similaire","link":""},"img":{"alt_text":"","src":"","width":0,"height":0},"classes":[]},{"id":123,"url":"https:\/\/dfgs-freiburg.de\/?page_id=123","url_meta":{"origin":93,"position":4},"title":"Anmeldung","author":"Daniel Le Bras-Lerouge","date":"21. mars 2018","format":false,"excerpt":"Wie melden Sie Ihr Kind an? Aufnahmekriterien f\u00fcr die Schule Die Anzahl der aufgenommenen Kinder wird durch die verf\u00fcgbaren Pl\u00e4tze bestimmt. Die Aufnahme wird schriftlich mitgeteilt. Um an unserer Schule aufgenommen zu werden, muss die Familie ihren Wohnsitz in Freiburg und Umgebung haben. F\u00fcr Neuanmeldungen in die erste Klasse gilt:\u2026","rel":"","context":"Article similaire","block_context":{"text":"Article similaire","link":""},"img":{"alt_text":"","src":"","width":0,"height":0},"classes":[]},{"id":2,"url":"https:\/\/dfgs-freiburg.de\/?page_id=2","url_meta":{"origin":93,"position":5},"title":"Unsere Schule","author":"Daniel Le Bras-Lerouge","date":"28. octobre 2017","format":false,"excerpt":"\u00a0 Die Deutsch-Franz\u00f6sische Grundschule ist Teil der deutsch-franz\u00f6sischen Schulstruktur, die in Freiburg von der \u00c9cole Maternelle bis zum Frankreich-Zentrum der Universit\u00e4t reicht. Sie wurde im September 1992 gegr\u00fcndet. Etwa 125 Kinder gehen hier zur Schule, sie kommen aus deutschen, franz\u00f6sischen, deutsch-franz\u00f6sischen oder frankophonen Familien. Die Schule ist binational: Tr\u00e4ger ist\u2026","rel":"","context":"Article similaire","block_context":{"text":"Article similaire","link":""},"img":{"alt_text":"","src":"https:\/\/i0.wp.com\/dfgs-freiburg.de\/wp-content\/uploads\/2018\/08\/sommerfest2017.jpg?fit=1200%2C675&ssl=1&resize=350%2C200","width":350,"height":200,"srcset":"https:\/\/i0.wp.com\/dfgs-freiburg.de\/wp-content\/uploads\/2018\/08\/sommerfest2017.jpg?fit=1200%2C675&ssl=1&resize=350%2C200 1x, https:\/\/i0.wp.com\/dfgs-freiburg.de\/wp-content\/uploads\/2018\/08\/sommerfest2017.jpg?fit=1200%2C675&ssl=1&resize=525%2C300 1.5x, https:\/\/i0.wp.com\/dfgs-freiburg.de\/wp-content\/uploads\/2018\/08\/sommerfest2017.jpg?fit=1200%2C675&ssl=1&resize=700%2C400 2x, https:\/\/i0.wp.com\/dfgs-freiburg.de\/wp-content\/uploads\/2018\/08\/sommerfest2017.jpg?fit=1200%2C675&ssl=1&resize=1050%2C600 3x"},"classes":[]}],"jetpack_shortlink":"https:\/\/wp.me\/P9kppB-1v","jetpack_sharing_enabled":true,"_links":{"self":[{"href":"https:\/\/dfgs-freiburg.de\/index.php?rest_route=\/wp\/v2\/pages\/93","targetHints":{"allow":["GET"]}}],"collection":[{"href":"https:\/\/dfgs-freiburg.de\/index.php?rest_route=\/wp\/v2\/pages"}],"about":[{"href":"https:\/\/dfgs-freiburg.de\/index.php?rest_route=\/wp\/v2\/types\/page"}],"author":[{"embeddable":true,"href":"https:\/\/dfgs-freiburg.de\/index.php?rest_route=\/wp\/v2\/users\/1"}],"replies":[{"embeddable":true,"href":"https:\/\/dfgs-freiburg.de\/index.php?rest_route=%2Fwp%2Fv2%2Fcomments&post=93"}],"version-history":[{"count":14,"href":"https:\/\/dfgs-freiburg.de\/index.php?rest_route=\/wp\/v2\/pages\/93\/revisions"}],"predecessor-version":[{"id":4563,"href":"https:\/\/dfgs-freiburg.de\/index.php?rest_route=\/wp\/v2\/pages\/93\/revisions\/4563"}],"up":[{"embeddable":true,"href":"https:\/\/dfgs-freiburg.de\/index.php?rest_route=\/wp\/v2\/pages\/91"}],"wp:attachment":[{"href":"https:\/\/dfgs-freiburg.de\/index.php?rest_route=%2Fwp%2Fv2%2Fmedia&parent=93"}],"curies":[{"name":"wp","href":"https:\/\/api.w.org\/{rel}","templated":true}]}}