{"id":4264,"date":"2023-02-10T19:19:09","date_gmt":"2023-02-10T18:19:09","guid":{"rendered":"https:\/\/dfgs-freiburg.de\/?page_id=4264"},"modified":"2024-09-02T17:02:56","modified_gmt":"2024-09-02T15:02:56","slug":"schulwegplan","status":"publish","type":"page","link":"https:\/\/dfgs-freiburg.de\/?page_id=4264","title":{"rendered":"Schulwegplan"},"content":{"rendered":"<p>Die Stadt Freiburg hat einen Schulwegplan erstellt, aus dem der geeignete Schulweg f\u00fcr unsere Sch\u00fclerinnen und Sch\u00fcler ersichtlich ist. Dieser kann hier heruntergeladen werden.<\/p>\n<p><a href=\"https:\/\/dfgs-freiburg.de\/wp-content\/uploads\/2023\/02\/DFGS_2018_09.pdf\">Schulwegplan als PDF<\/a><\/p>\n<p>Informationen zum Versicherungsschutz auf dem Schulweg:<\/p>\n<p><a href=\"https:\/\/dfgs-freiburg.de\/wp-content\/uploads\/2024\/09\/Information_Schulweg.pdf\" target=\"_blank\" rel=\"noopener\">Information_Schulweg<\/a><\/p>\n","protected":false},"excerpt":{"rendered":"<p>Die Stadt Freiburg hat einen Schulwegplan erstellt, aus dem der geeignete Schulweg f\u00fcr unsere Sch\u00fclerinnen und Sch\u00fcler ersichtlich ist. Dieser kann hier heruntergeladen werden. Schulwegplan als PDF Informationen zum Versicherungsschutz auf dem Schulweg: Information_Schulweg<\/p>\n","protected":false},"author":1,"featured_media":0,"parent":0,"menu_order":0,"comment_status":"closed","ping_status":"closed","template":"","meta":{"jetpack_post_was_ever_published":false,"footnotes":""},"class_list":["post-4264","page","type-page","status-publish","hentry"],"jetpack-related-posts":[{"id":102,"url":"https:\/\/dfgs-freiburg.de\/?page_id=102","url_meta":{"origin":4264,"position":0},"title":"Schulkindbetreuung","author":"Daniel Le Bras-Lerouge","date":"16. mars 2018","format":false,"excerpt":"Schulkindbetreuung an der Deutsch-Franz\u00f6sischen Grundschule Seit dem Schuljahr 2020\/21 wird die Nachmittagsbetreuung an der Deutsch-Franz\u00f6sischen Grundschule nach dem Konzept der Schulkindbetreuung der Stadt Freiburg durchgef\u00fchrt. Die Schulkindbetreuung hat die Stadt Freiburg als freiwillige Aufgabe gem\u00e4\u00df \u00a72 der Gemeindeordnung eingerichtet. Tr\u00e4ger der Schulkindbetreuung an der Deutsch-Franz\u00f6sischen Grundschule ist die Evangelische Jugendhilfe\u2026","rel":"","context":"Article similaire","block_context":{"text":"Article similaire","link":""},"img":{"alt_text":"","src":"","width":0,"height":0},"classes":[]},{"id":612,"url":"https:\/\/dfgs-freiburg.de\/?page_id=612","url_meta":{"origin":4264,"position":1},"title":"Impressum","author":"Daniel Le Bras-Lerouge","date":"15. octobre 2018","format":false,"excerpt":"Deutsch-franz\u00f6sische Grundschule Freiburg Belchenstra\u00dfe 2 D - 79115 Freiburg Telefon: +49 761 4762243 E-Mail: sekretariat.dfgsvn@freiburger-schulen.bwl.de Internet: www.dfgs-freiburg.de Leitung \/ Direction: Karolin Burghardt (d) Catherine Bras-Henkes (f) Die Website wurde gestaltet von Johannes Charra. Die Texte werden von der Schulleitung und dem p\u00e4dagogischen Team erstellt und gepflegt. Das Layout basiert auf\u2026","rel":"","context":"Article similaire","block_context":{"text":"Article similaire","link":""},"img":{"alt_text":"","src":"","width":0,"height":0},"classes":[]},{"id":79,"url":"https:\/\/dfgs-freiburg.de\/?page_id=79","url_meta":{"origin":4264,"position":2},"title":"Kontakt","author":"Daniel Le Bras-Lerouge","date":"2. f\u00e9vrier 2018","format":false,"excerpt":"Anschrift Deutsch-Franz\u00f6sische Grundschule Freiburg Belchenstr. 2 79115 Freiburg Schulleitung: Frau Burghardt Frau Bras-Henkes Telefon: 0761 \/ 476 2243 Fax: 0761 476 5457 E-Mail: sekretariat.dfgsvn@freiburger-schulen.bwl.de Zugang zu unserer Schule ist nur \u00fcber die Uffhauserstra\u00dfe m\u00f6glich. Sekretariat Sekret\u00e4rin: Frau H\u00f6rl-Schnabel \u00d6ffnungszeiten: Montags und Donnerstags von 07:30 - 11:30 Uhr Dienstags von 07:30\u2026","rel":"","context":"Article similaire","block_context":{"text":"Article similaire","link":""},"img":{"alt_text":"","src":"","width":0,"height":0},"classes":[]},{"id":123,"url":"https:\/\/dfgs-freiburg.de\/?page_id=123","url_meta":{"origin":4264,"position":3},"title":"Anmeldung","author":"Daniel Le Bras-Lerouge","date":"21. mars 2018","format":false,"excerpt":"Wie melden Sie Ihr Kind an? Aufnahmekriterien f\u00fcr die Schule Die Anzahl der aufgenommenen Kinder wird durch die verf\u00fcgbaren Pl\u00e4tze bestimmt. Die Aufnahme wird schriftlich mitgeteilt. Um an unserer Schule aufgenommen zu werden, muss die Familie ihren Wohnsitz in Freiburg und Umgebung haben. F\u00fcr Neuanmeldungen in die erste Klasse gilt:\u2026","rel":"","context":"Article similaire","block_context":{"text":"Article similaire","link":""},"img":{"alt_text":"","src":"","width":0,"height":0},"classes":[]},{"id":93,"url":"https:\/\/dfgs-freiburg.de\/?page_id=93","url_meta":{"origin":4264,"position":4},"title":"Elternbeirat","author":"Daniel Le Bras-Lerouge","date":"16. mars 2018","format":false,"excerpt":"Vorsitzender: Fabien Coydon Stellvertretende Vorsitzende: Annabelle von Kalckreuth Der Elternbeirat setzt sich aus allen gew\u00e4hlten Elternvertretern zusammen (2 pro Klasse, d.h. insgesamt 10). Die Elternvertreter verstehen sich als Bindeglied zwischen den Sch\u00fclereltern und den Rektorinnen und dem Lehrerkollegium um bei den Elternbeiratssitzungen (2\/Jahr) alle p\u00e4dagogischen und den Schulalltag betreffende Fragen\u2026","rel":"","context":"Article similaire","block_context":{"text":"Article similaire","link":""},"img":{"alt_text":"","src":"","width":0,"height":0},"classes":[]},{"id":73,"url":"https:\/\/dfgs-freiburg.de\/?page_id=73","url_meta":{"origin":4264,"position":5},"title":"Gestaltung","author":"Daniel Le Bras-Lerouge","date":"2. f\u00e9vrier 2018","format":false,"excerpt":"Unterricht Im Unterricht werden die ca. 120 Sch\u00fcler\/innen sowohl im Rahmen des franz\u00f6sischen, als auch des deutschen Bildungsplanes auf die Ziele der jeweiligen Klassenstufe hingef\u00fchrt. Jede Klasse wird von einem deutsch-franz\u00f6sischen Lehrertandem unterrichtet. Unter den Lehrkr\u00e4ften findet eine w\u00f6chentliche Besprechung statt zur genauen Koordination des Unterrichts und zur Vorbereitung zweisprachiger\u2026","rel":"","context":"Article similaire","block_context":{"text":"Article similaire","link":""},"img":{"alt_text":"","src":"https:\/\/i0.wp.com\/dfgs-freiburg.de\/wp-content\/uploads\/2018\/09\/frankreich.png?resize=350%2C200&ssl=1","width":350,"height":200},"classes":[]}],"jetpack_shortlink":"https:\/\/wp.me\/P9kppB-16M","jetpack_sharing_enabled":true,"_links":{"self":[{"href":"https:\/\/dfgs-freiburg.de\/index.php?rest_route=\/wp\/v2\/pages\/4264","targetHints":{"allow":["GET"]}}],"collection":[{"href":"https:\/\/dfgs-freiburg.de\/index.php?rest_route=\/wp\/v2\/pages"}],"about":[{"href":"https:\/\/dfgs-freiburg.de\/index.php?rest_route=\/wp\/v2\/types\/page"}],"author":[{"embeddable":true,"href":"https:\/\/dfgs-freiburg.de\/index.php?rest_route=\/wp\/v2\/users\/1"}],"replies":[{"embeddable":true,"href":"https:\/\/dfgs-freiburg.de\/index.php?rest_route=%2Fwp%2Fv2%2Fcomments&post=4264"}],"version-history":[{"count":3,"href":"https:\/\/dfgs-freiburg.de\/index.php?rest_route=\/wp\/v2\/pages\/4264\/revisions"}],"predecessor-version":[{"id":4466,"href":"https:\/\/dfgs-freiburg.de\/index.php?rest_route=\/wp\/v2\/pages\/4264\/revisions\/4466"}],"wp:attachment":[{"href":"https:\/\/dfgs-freiburg.de\/index.php?rest_route=%2Fwp%2Fv2%2Fmedia&parent=4264"}],"curies":[{"name":"wp","href":"https:\/\/api.w.org\/{rel}","templated":true}]}}