{"id":2,"date":"2017-10-28T23:27:48","date_gmt":"2017-10-28T21:27:48","guid":{"rendered":"https:\/\/dfgs-freiburg.de\/?page_id=2"},"modified":"2018-09-22T09:55:07","modified_gmt":"2018-09-22T07:55:07","slug":"unsere-schule","status":"publish","type":"page","link":"https:\/\/dfgs-freiburg.de\/?page_id=2","title":{"rendered":"Unsere Schule"},"content":{"rendered":"<p>&nbsp;<\/p>\n<p class=\"text\">Die Deutsch-Franz\u00f6sische Grundschule ist Teil der deutsch-franz\u00f6sischen Schulstruktur, die in Freiburg von der \u00c9cole Maternelle bis zum Frankreich-Zentrum der Universit\u00e4t reicht. Sie wurde im September 1992 gegr\u00fcndet.<\/p>\n<p class=\"text\">Etwa 125 Kinder gehen hier zur Schule, sie kommen aus deutschen, franz\u00f6sischen, deutsch-franz\u00f6sischen oder frankophonen Familien.<\/p>\n<p class=\"text\">Die Schule ist binational: Tr\u00e4ger ist die Stadt Freiburg, gef\u00fchrt wird sie von der Agence pour l&rsquo;Enseignement fran\u00e7ais \u00e0 l&rsquo;\u00c9tranger und vom Ministerium f\u00fcr Kultus und Sport des Landes Baden-W\u00fcrttemberg.<\/p>\n<p class=\"text\">\n","protected":false},"excerpt":{"rendered":"<p>&nbsp; Die Deutsch-Franz\u00f6sische Grundschule ist Teil der deutsch-franz\u00f6sischen Schulstruktur, die in Freiburg von der \u00c9cole Maternelle bis zum Frankreich-Zentrum der Universit\u00e4t reicht. Sie wurde im September 1992 gegr\u00fcndet. Etwa 125 Kinder gehen hier zur Schule, sie kommen aus deutschen, franz\u00f6sischen, &hellip; <\/p>\n","protected":false},"author":1,"featured_media":440,"parent":0,"menu_order":0,"comment_status":"closed","ping_status":"open","template":"","meta":{"jetpack_post_was_ever_published":false,"footnotes":""},"class_list":["post-2","page","type-page","status-publish","has-post-thumbnail","hentry"],"jetpack-related-posts":[{"id":73,"url":"https:\/\/dfgs-freiburg.de\/?page_id=73","url_meta":{"origin":2,"position":0},"title":"Gestaltung","author":"Daniel Le Bras-Lerouge","date":"2. f\u00e9vrier 2018","format":false,"excerpt":"Unterricht Im Unterricht werden die ca. 120 Sch\u00fcler\/innen sowohl im Rahmen des franz\u00f6sischen, als auch des deutschen Bildungsplanes auf die Ziele der jeweiligen Klassenstufe hingef\u00fchrt. Jede Klasse wird von einem deutsch-franz\u00f6sischen Lehrertandem unterrichtet. Unter den Lehrkr\u00e4ften findet eine w\u00f6chentliche Besprechung statt zur genauen Koordination des Unterrichts und zur Vorbereitung zweisprachiger\u2026","rel":"","context":"Article similaire","block_context":{"text":"Article similaire","link":""},"img":{"alt_text":"","src":"https:\/\/i0.wp.com\/dfgs-freiburg.de\/wp-content\/uploads\/2018\/09\/frankreich.png?resize=350%2C200&ssl=1","width":350,"height":200},"classes":[]},{"id":102,"url":"https:\/\/dfgs-freiburg.de\/?page_id=102","url_meta":{"origin":2,"position":1},"title":"Schulkindbetreuung","author":"Daniel Le Bras-Lerouge","date":"16. mars 2018","format":false,"excerpt":"Schulkindbetreuung an der Deutsch-Franz\u00f6sischen Grundschule Seit dem Schuljahr 2020\/21 wird die Nachmittagsbetreuung an der Deutsch-Franz\u00f6sischen Grundschule nach dem Konzept der Schulkindbetreuung der Stadt Freiburg durchgef\u00fchrt. Die Schulkindbetreuung hat die Stadt Freiburg als freiwillige Aufgabe gem\u00e4\u00df \u00a72 der Gemeindeordnung eingerichtet. Tr\u00e4ger der Schulkindbetreuung an der Deutsch-Franz\u00f6sischen Grundschule ist die Evangelische Jugendhilfe\u2026","rel":"","context":"Article similaire","block_context":{"text":"Article similaire","link":""},"img":{"alt_text":"","src":"","width":0,"height":0},"classes":[]},{"id":123,"url":"https:\/\/dfgs-freiburg.de\/?page_id=123","url_meta":{"origin":2,"position":2},"title":"Anmeldung","author":"Daniel Le Bras-Lerouge","date":"21. mars 2018","format":false,"excerpt":"Wie melden Sie Ihr Kind an? Aufnahmekriterien f\u00fcr die Schule Die Anzahl der aufgenommenen Kinder wird durch die verf\u00fcgbaren Pl\u00e4tze bestimmt. Die Aufnahme wird schriftlich mitgeteilt. Um an unserer Schule aufgenommen zu werden, muss die Familie ihren Wohnsitz in Freiburg und Umgebung haben. F\u00fcr Neuanmeldungen in die erste Klasse gilt:\u2026","rel":"","context":"Article similaire","block_context":{"text":"Article similaire","link":""},"img":{"alt_text":"","src":"","width":0,"height":0},"classes":[]},{"id":98,"url":"https:\/\/dfgs-freiburg.de\/?page_id=98","url_meta":{"origin":2,"position":3},"title":"F\u00f6rderverein","author":"Daniel Le Bras-Lerouge","date":"16. mars 2018","format":false,"excerpt":"Der F\u00f6rderverein der Grundschule besteht aus Vorstandsmitgliedern des Vereins \u00e9cole 92 e.V. Der Verein unterst\u00fctzt die kulturellen Aktivit\u00e4ten an der Grundschule seit seiner Gr\u00fcndung im Jahr 1992. Details zur Geschichte des Vereins finden Sie hier. Der Verein ist insbesondere auch der Tr\u00e4ger der deutsch-franz\u00f6sischen Kita, die sich ganz in der\u2026","rel":"","context":"Article similaire","block_context":{"text":"Article similaire","link":""},"img":{"alt_text":"","src":"","width":0,"height":0},"classes":[]},{"id":128,"url":"https:\/\/dfgs-freiburg.de\/?page_id=128","url_meta":{"origin":2,"position":4},"title":"Kantine","author":"Daniel Le Bras-Lerouge","date":"18. avril 2018","format":false,"excerpt":"Kinder, die in der Schulkindbetreuung angemeldet sind, haben die M\u00f6glichkeit warmes Mittagessen zu bestellen. Die Bestellung und Abrechnung des warmen Mittagessens wird \u00fcber den Fachservice Schulverpflegung vom Amt f\u00fcr Schule und Bildung abgewickelt. Eltern \u00fcberweisen Essensgeld auf das Guthabenkonto ihres Kindes. Im Rahmen des verf\u00fcgbaren Guthabens kann dann das Essen\u2026","rel":"","context":"Article similaire","block_context":{"text":"Article similaire","link":""},"img":{"alt_text":"","src":"","width":0,"height":0},"classes":[]},{"id":612,"url":"https:\/\/dfgs-freiburg.de\/?page_id=612","url_meta":{"origin":2,"position":5},"title":"Impressum","author":"Daniel Le Bras-Lerouge","date":"15. octobre 2018","format":false,"excerpt":"Deutsch-franz\u00f6sische Grundschule Freiburg Belchenstra\u00dfe 2 D - 79115 Freiburg Telefon: +49 761 4762243 E-Mail: sekretariat.dfgsvn@freiburger-schulen.bwl.de Internet: www.dfgs-freiburg.de Leitung \/ Direction: Karolin Burghardt (d) Catherine Bras-Henkes (f) Die Website wurde gestaltet von Johannes Charra. Die Texte werden von der Schulleitung und dem p\u00e4dagogischen Team erstellt und gepflegt. Das Layout basiert auf\u2026","rel":"","context":"Article similaire","block_context":{"text":"Article similaire","link":""},"img":{"alt_text":"","src":"","width":0,"height":0},"classes":[]}],"jetpack_shortlink":"https:\/\/wp.me\/P9kppB-2","jetpack_sharing_enabled":true,"_links":{"self":[{"href":"https:\/\/dfgs-freiburg.de\/index.php?rest_route=\/wp\/v2\/pages\/2","targetHints":{"allow":["GET"]}}],"collection":[{"href":"https:\/\/dfgs-freiburg.de\/index.php?rest_route=\/wp\/v2\/pages"}],"about":[{"href":"https:\/\/dfgs-freiburg.de\/index.php?rest_route=\/wp\/v2\/types\/page"}],"author":[{"embeddable":true,"href":"https:\/\/dfgs-freiburg.de\/index.php?rest_route=\/wp\/v2\/users\/1"}],"replies":[{"embeddable":true,"href":"https:\/\/dfgs-freiburg.de\/index.php?rest_route=%2Fwp%2Fv2%2Fcomments&post=2"}],"version-history":[{"count":5,"href":"https:\/\/dfgs-freiburg.de\/index.php?rest_route=\/wp\/v2\/pages\/2\/revisions"}],"predecessor-version":[{"id":498,"href":"https:\/\/dfgs-freiburg.de\/index.php?rest_route=\/wp\/v2\/pages\/2\/revisions\/498"}],"wp:featuredmedia":[{"embeddable":true,"href":"https:\/\/dfgs-freiburg.de\/index.php?rest_route=\/wp\/v2\/media\/440"}],"wp:attachment":[{"href":"https:\/\/dfgs-freiburg.de\/index.php?rest_route=%2Fwp%2Fv2%2Fmedia&parent=2"}],"curies":[{"name":"wp","href":"https:\/\/api.w.org\/{rel}","templated":true}]}}