{"id":143,"date":"2018-04-18T14:30:50","date_gmt":"2018-04-18T12:30:50","guid":{"rendered":"https:\/\/dfgs-freiburg.de\/?page_id=143"},"modified":"2024-11-08T13:05:08","modified_gmt":"2024-11-08T12:05:08","slug":"comite-de-parents","status":"publish","type":"page","link":"https:\/\/dfgs-freiburg.de\/?page_id=143&lang=fr","title":{"rendered":"Comit\u00e9 de parents"},"content":{"rendered":"<p><strong>Pr\u00e9sident<\/strong>: Fabien Coydon<br \/>\n<strong>Vice-pr\u00e9sidente<\/strong>: Annabelle von Kalckreuth<\/p>\n<p>Le <strong>comit\u00e9 de parents<\/strong> regroupe tous les <strong>repr\u00e9sentants de parents d\u2019\u00e9l\u00e8ves<\/strong> (2 par classe, soit 10 au total).<\/p>\n<p>Les repr\u00e9sentants de parents d\u2019\u00e9l\u00e8ves se font le <strong>relais des parents aupr\u00e8s de la direction et du corps enseignant<\/strong> pour aborder \u00e0 chaque conseil d\u2019\u00e9cole (2 par an) toutes les questions d\u2019ordre p\u00e9dagogique, ou qui touchent \u00e0 la vie scolaire.<\/p>\n<p>Ils peuvent aussi proposer des <strong>projets vari\u00e9s<\/strong>, tels que des conf\u00e9rences autour d\u2019un th\u00e8me sensible (la violence \u00e0 l\u2019\u00e9cole, l\u2019utilisation des \u00e9crans \u00e0 l\u2019\u00e9cole et \u00e0 la maison\u2026)<\/p>\n<p>Les parents \u00e9lus sont membres \u00e0 part enti\u00e8re du conseil d\u2019\u00e9cole et ont une voix d\u00e9lib\u00e9rative lors de chaque conseil.<\/p>\n<p><strong>Que fait le conseil d&rsquo;\u00e9cole ?<\/strong><\/p>\n<p>Le conseil d&rsquo;\u00e9cole se r\u00e9unit 2 fois par an. Il a pour\u00a0r\u00f4le de :<\/p>\n<p>&#8211; voter le r\u00e8glement int\u00e9rieur de l&rsquo;\u00e9cole.<br \/>\n&#8211; adopter le projet d&rsquo;\u00e9cole.<br \/>\n&#8211; donner son avis et faire\u00a0des suggestions sur le fonctionnement de l&rsquo;\u00e9cole et sur toutes les questions int\u00e9ressant la vie de l&rsquo;\u00e9cole\u00a0: int\u00e9gration des enfants handicap\u00e9s, restauration scolaire, hygi\u00e8ne scolaire, s\u00e9curit\u00e9 des enfants, etc.<br \/>\n&#8211; donner son accord pour l\u2019organisation d\u2019activit\u00e9s compl\u00e9mentaires, \u00e9ducatives, sportives ou culturelles.<\/p>\n<p>Il peut \u00e9galement proposer un projet d&rsquo;organisation du temps scolaire d\u00e9rogatoire (ex: chorale)<\/p>\n","protected":false},"excerpt":{"rendered":"<p>Pr\u00e9sident: Fabien Coydon Vice-pr\u00e9sidente: Annabelle von Kalckreuth Le comit\u00e9 de parents regroupe tous les repr\u00e9sentants de parents d\u2019\u00e9l\u00e8ves (2 par classe, soit 10 au total). Les repr\u00e9sentants de parents d\u2019\u00e9l\u00e8ves se font le relais des parents aupr\u00e8s de la direction &hellip; <\/p>\n","protected":false},"author":4,"featured_media":0,"parent":135,"menu_order":0,"comment_status":"closed","ping_status":"closed","template":"","meta":{"jetpack_post_was_ever_published":false,"footnotes":""},"class_list":["post-143","page","type-page","status-publish","hentry"],"jetpack-related-posts":[{"id":145,"url":"https:\/\/dfgs-freiburg.de\/?page_id=145&lang=fr","url_meta":{"origin":143,"position":0},"title":"Comit\u00e9 de soutien Ecole 92","author":"Catherine Bras-Henkes","date":"18. avril 2018","format":false,"excerpt":"Le comit\u00e9 de soutien de l'\u00e9cole primaire se compose des membres du bureau de l'association \u00e9cole 92 e.V. L'association soutient et subventionne les activit\u00e9s culturelles \u00e0 l'\u00e9cole primaire depuis sa cr\u00e9ation en 1992. Pour plus de d\u00e9tails concernant l'historique de l'association, cliquez ici. L'association supporte notamment les \u00e9tablissements de cr\u00e8che\u2026","rel":"","context":"Article similaire","block_context":{"text":"Article similaire","link":""},"img":{"alt_text":"","src":"","width":0,"height":0},"classes":[]},{"id":739,"url":"https:\/\/dfgs-freiburg.de\/?page_id=739&lang=fr","url_meta":{"origin":143,"position":1},"title":"Schulsozialarbeit","author":"Daniel Le Bras-Lerouge","date":"21. f\u00e9vrier 2019","format":false,"excerpt":"Le travail social scolaire consiste en une aide propos\u00e9e \u00e0 tous les acteurs de la vie scolaire. Il contribue, de par l\u2019apport d\u2019une perspective et de comp\u00e9tences socio-p\u00e9dagogiques, \u00e0 faire de l\u2019\u00e9cole un lieu de vie et d\u2019apprentissage. Le but premier du travail social \u00e0 l\u2019\u00e9cole est de prendre encompte\u2026","rel":"","context":"Article similaire","block_context":{"text":"Article similaire","link":""},"img":{"alt_text":"","src":"https:\/\/i0.wp.com\/dfgs-freiburg.de\/wp-content\/uploads\/2019\/02\/ejh_f%C3%BCr-Fahne_1000dpi.jpg?fit=1200%2C800&ssl=1&resize=350%2C200","width":350,"height":200,"srcset":"https:\/\/i0.wp.com\/dfgs-freiburg.de\/wp-content\/uploads\/2019\/02\/ejh_f%C3%BCr-Fahne_1000dpi.jpg?fit=1200%2C800&ssl=1&resize=350%2C200 1x, https:\/\/i0.wp.com\/dfgs-freiburg.de\/wp-content\/uploads\/2019\/02\/ejh_f%C3%BCr-Fahne_1000dpi.jpg?fit=1200%2C800&ssl=1&resize=525%2C300 1.5x, https:\/\/i0.wp.com\/dfgs-freiburg.de\/wp-content\/uploads\/2019\/02\/ejh_f%C3%BCr-Fahne_1000dpi.jpg?fit=1200%2C800&ssl=1&resize=700%2C400 2x, https:\/\/i0.wp.com\/dfgs-freiburg.de\/wp-content\/uploads\/2019\/02\/ejh_f%C3%BCr-Fahne_1000dpi.jpg?fit=1200%2C800&ssl=1&resize=1050%2C600 3x"},"classes":[]},{"id":161,"url":"https:\/\/dfgs-freiburg.de\/?page_id=161&lang=fr","url_meta":{"origin":143,"position":2},"title":"Garderie","author":"Catherine Bras-Henkes","date":"18. avril 2018","format":false,"excerpt":"Le p\u00e9riscolaire \u00e0 l\u2019Ecole Primaire Franco-Allemande Depuis l\u2019ann\u00e9e scolaire 2020\/21, le p\u00e9riscolaire \u00e0 l\u2019Ecole Primaire Franco-Allemande fonctionne selon le concept de la ville de Freiburg. Celle-ci a introduit le p\u00e9riscolaire en tant que service volontaire selon l\u2019article 2 de la charte de la commune. L\u2019Evangelische Jugendhilfe Freiburg-Z\u00e4hringen en est responsable\u2026","rel":"","context":"Article similaire","block_context":{"text":"Article similaire","link":""},"img":{"alt_text":"","src":"","width":0,"height":0},"classes":[]},{"id":163,"url":"https:\/\/dfgs-freiburg.de\/?page_id=163&lang=fr","url_meta":{"origin":143,"position":3},"title":"Cantine","author":"Catherine Bras-Henkes","date":"18. avril 2018","format":false,"excerpt":"Les enfants inscrits au p\u00e9riscolaire ont la possibilit\u00e9 de commander un repas chaud. La commande et le paiement du repas chaud est fait par le Fachservice Schulverpflegung de l\u2019Amt f\u00fcr Schule und Bildung. Les parents versent l\u2019argent sur le compte de l\u2019enfant. Le repas peut \u00eatre command\u00e9 en ligne dans\u2026","rel":"","context":"Article similaire","block_context":{"text":"Article similaire","link":""},"img":{"alt_text":"","src":"","width":0,"height":0},"classes":[]},{"id":71,"url":"https:\/\/dfgs-freiburg.de\/?page_id=71&lang=fr","url_meta":{"origin":143,"position":4},"title":"Fonctionnement","author":"Daniel Le Bras-Lerouge","date":"2. f\u00e9vrier 2018","format":false,"excerpt":"L'enseignement Cherchant \u00e0 former des enfants bilingues et biculturels, l'\u00e9cole a pour objectifs de pr\u00e9parer les \u00e9l\u00e8ves \u00e0 la section fran\u00e7aise du lyc\u00e9e franco-allemand de Fribourg. Au cours de leur scolarit\u00e9, ceux-ci seront de plus en plus int\u00e9gr\u00e9s avec des enfants de la section allemande. La scolarit\u00e9 dure 5 ans\u2026","rel":"","context":"Article similaire","block_context":{"text":"Article similaire","link":""},"img":{"alt_text":"","src":"https:\/\/i0.wp.com\/dfgs-freiburg.de\/wp-content\/uploads\/2018\/09\/frankreich.png?resize=350%2C200&ssl=1","width":350,"height":200},"classes":[]},{"id":20,"url":"https:\/\/dfgs-freiburg.de\/?page_id=20&lang=fr","url_meta":{"origin":143,"position":5},"title":"Notre \u00e9cole","author":"Daniel Le Bras-Lerouge","date":"29. octobre 2017","format":false,"excerpt":"L'\u00c9cole El\u00e9mentaire Franco-Allemande de Fribourg est un \u00e9tablissement primaire binational unique. Elle a \u00e9t\u00e9 fond\u00e9e en septembre 1992 par la signature d'une d\u00e9claration commune entre le ministre de l'\u00e9ducation du Land du Bade-Wurtemberg et l'Agence pour l'Enseignement Fran\u00e7ais \u00e0 l'Etranger (AEFE). Depuis, notre \u00e9cole accueille chaque ann\u00e9e environ 125 \u00e9l\u00e8ves\u2026","rel":"","context":"Article similaire","block_context":{"text":"Article similaire","link":""},"img":{"alt_text":"","src":"https:\/\/i0.wp.com\/dfgs-freiburg.de\/wp-content\/uploads\/2018\/08\/sommerfest2017.jpg?fit=1200%2C675&ssl=1&resize=350%2C200","width":350,"height":200,"srcset":"https:\/\/i0.wp.com\/dfgs-freiburg.de\/wp-content\/uploads\/2018\/08\/sommerfest2017.jpg?fit=1200%2C675&ssl=1&resize=350%2C200 1x, https:\/\/i0.wp.com\/dfgs-freiburg.de\/wp-content\/uploads\/2018\/08\/sommerfest2017.jpg?fit=1200%2C675&ssl=1&resize=525%2C300 1.5x, https:\/\/i0.wp.com\/dfgs-freiburg.de\/wp-content\/uploads\/2018\/08\/sommerfest2017.jpg?fit=1200%2C675&ssl=1&resize=700%2C400 2x, https:\/\/i0.wp.com\/dfgs-freiburg.de\/wp-content\/uploads\/2018\/08\/sommerfest2017.jpg?fit=1200%2C675&ssl=1&resize=1050%2C600 3x"},"classes":[]}],"jetpack_shortlink":"https:\/\/wp.me\/P9kppB-2j","jetpack_sharing_enabled":true,"_links":{"self":[{"href":"https:\/\/dfgs-freiburg.de\/index.php?rest_route=\/wp\/v2\/pages\/143","targetHints":{"allow":["GET"]}}],"collection":[{"href":"https:\/\/dfgs-freiburg.de\/index.php?rest_route=\/wp\/v2\/pages"}],"about":[{"href":"https:\/\/dfgs-freiburg.de\/index.php?rest_route=\/wp\/v2\/types\/page"}],"author":[{"embeddable":true,"href":"https:\/\/dfgs-freiburg.de\/index.php?rest_route=\/wp\/v2\/users\/4"}],"replies":[{"embeddable":true,"href":"https:\/\/dfgs-freiburg.de\/index.php?rest_route=%2Fwp%2Fv2%2Fcomments&post=143"}],"version-history":[{"count":14,"href":"https:\/\/dfgs-freiburg.de\/index.php?rest_route=\/wp\/v2\/pages\/143\/revisions"}],"predecessor-version":[{"id":4565,"href":"https:\/\/dfgs-freiburg.de\/index.php?rest_route=\/wp\/v2\/pages\/143\/revisions\/4565"}],"up":[{"embeddable":true,"href":"https:\/\/dfgs-freiburg.de\/index.php?rest_route=\/wp\/v2\/pages\/135"}],"wp:attachment":[{"href":"https:\/\/dfgs-freiburg.de\/index.php?rest_route=%2Fwp%2Fv2%2Fmedia&parent=143"}],"curies":[{"name":"wp","href":"https:\/\/api.w.org\/{rel}","templated":true}]}}