{"id":135,"date":"2018-04-18T12:28:19","date_gmt":"2018-04-18T10:28:19","guid":{"rendered":"https:\/\/dfgs-freiburg.de\/?page_id=135"},"modified":"2018-04-18T12:28:19","modified_gmt":"2018-04-18T10:28:19","slug":"parents","status":"publish","type":"page","link":"https:\/\/dfgs-freiburg.de\/?page_id=135&lang=fr","title":{"rendered":"Parents"},"content":{"rendered":"","protected":false},"excerpt":{"rendered":"","protected":false},"author":1,"featured_media":0,"parent":0,"menu_order":0,"comment_status":"closed","ping_status":"closed","template":"","meta":{"jetpack_post_was_ever_published":false,"footnotes":""},"class_list":["post-135","page","type-page","status-publish","hentry"],"jetpack-related-posts":[{"id":143,"url":"https:\/\/dfgs-freiburg.de\/?page_id=143&lang=fr","url_meta":{"origin":135,"position":0},"title":"Comit\u00e9 de parents","author":"Catherine Bras-Henkes","date":"18. avril 2018","format":false,"excerpt":"Pr\u00e9sident: Fabien Coydon Vice-pr\u00e9sidente: Annabelle von Kalckreuth Le comit\u00e9 de parents regroupe tous les repr\u00e9sentants de parents d\u2019\u00e9l\u00e8ves (2 par classe, soit 10 au total). Les repr\u00e9sentants de parents d\u2019\u00e9l\u00e8ves se font le relais des parents aupr\u00e8s de la direction et du corps enseignant pour aborder \u00e0 chaque conseil d\u2019\u00e9cole\u2026","rel":"","context":"Article similaire","block_context":{"text":"Article similaire","link":""},"img":{"alt_text":"","src":"","width":0,"height":0},"classes":[]},{"id":346,"url":"https:\/\/dfgs-freiburg.de\/?page_id=346&lang=fr","url_meta":{"origin":135,"position":1},"title":"R\u00e9glement int\u00e9rieur","author":"Catherine Bras-Henkes","date":"17. ao\u00fbt 2018","format":false,"excerpt":"R\u00e9glement Int\u00e9rieur Annexes: Protection_Maladies_infectueuses_info_parents info parents-maladie- autorisation d'absence \u00a0","rel":"","context":"Article similaire","block_context":{"text":"Article similaire","link":""},"img":{"alt_text":"","src":"","width":0,"height":0},"classes":[]},{"id":145,"url":"https:\/\/dfgs-freiburg.de\/?page_id=145&lang=fr","url_meta":{"origin":135,"position":2},"title":"Comit\u00e9 de soutien Ecole 92","author":"Catherine Bras-Henkes","date":"18. avril 2018","format":false,"excerpt":"Le comit\u00e9 de soutien de l'\u00e9cole primaire se compose des membres du bureau de l'association \u00e9cole 92 e.V. L'association soutient et subventionne les activit\u00e9s culturelles \u00e0 l'\u00e9cole primaire depuis sa cr\u00e9ation en 1992. Pour plus de d\u00e9tails concernant l'historique de l'association, cliquez ici. L'association supporte notamment les \u00e9tablissements de cr\u00e8che\u2026","rel":"","context":"Article similaire","block_context":{"text":"Article similaire","link":""},"img":{"alt_text":"","src":"","width":0,"height":0},"classes":[]},{"id":739,"url":"https:\/\/dfgs-freiburg.de\/?page_id=739&lang=fr","url_meta":{"origin":135,"position":3},"title":"Schulsozialarbeit","author":"Daniel Le Bras-Lerouge","date":"21. f\u00e9vrier 2019","format":false,"excerpt":"Le travail social scolaire consiste en une aide propos\u00e9e \u00e0 tous les acteurs de la vie scolaire. Il contribue, de par l\u2019apport d\u2019une perspective et de comp\u00e9tences socio-p\u00e9dagogiques, \u00e0 faire de l\u2019\u00e9cole un lieu de vie et d\u2019apprentissage. Le but premier du travail social \u00e0 l\u2019\u00e9cole est de prendre encompte\u2026","rel":"","context":"Article similaire","block_context":{"text":"Article similaire","link":""},"img":{"alt_text":"","src":"https:\/\/i0.wp.com\/dfgs-freiburg.de\/wp-content\/uploads\/2019\/02\/ejh_f%C3%BCr-Fahne_1000dpi.jpg?fit=1200%2C800&ssl=1&resize=350%2C200","width":350,"height":200,"srcset":"https:\/\/i0.wp.com\/dfgs-freiburg.de\/wp-content\/uploads\/2019\/02\/ejh_f%C3%BCr-Fahne_1000dpi.jpg?fit=1200%2C800&ssl=1&resize=350%2C200 1x, https:\/\/i0.wp.com\/dfgs-freiburg.de\/wp-content\/uploads\/2019\/02\/ejh_f%C3%BCr-Fahne_1000dpi.jpg?fit=1200%2C800&ssl=1&resize=525%2C300 1.5x, https:\/\/i0.wp.com\/dfgs-freiburg.de\/wp-content\/uploads\/2019\/02\/ejh_f%C3%BCr-Fahne_1000dpi.jpg?fit=1200%2C800&ssl=1&resize=700%2C400 2x, https:\/\/i0.wp.com\/dfgs-freiburg.de\/wp-content\/uploads\/2019\/02\/ejh_f%C3%BCr-Fahne_1000dpi.jpg?fit=1200%2C800&ssl=1&resize=1050%2C600 3x"},"classes":[]},{"id":163,"url":"https:\/\/dfgs-freiburg.de\/?page_id=163&lang=fr","url_meta":{"origin":135,"position":4},"title":"Cantine","author":"Catherine Bras-Henkes","date":"18. avril 2018","format":false,"excerpt":"Les enfants inscrits au p\u00e9riscolaire ont la possibilit\u00e9 de commander un repas chaud. La commande et le paiement du repas chaud est fait par le Fachservice Schulverpflegung de l\u2019Amt f\u00fcr Schule und Bildung. Les parents versent l\u2019argent sur le compte de l\u2019enfant. Le repas peut \u00eatre command\u00e9 en ligne dans\u2026","rel":"","context":"Article similaire","block_context":{"text":"Article similaire","link":""},"img":{"alt_text":"","src":"","width":0,"height":0},"classes":[]},{"id":161,"url":"https:\/\/dfgs-freiburg.de\/?page_id=161&lang=fr","url_meta":{"origin":135,"position":5},"title":"Garderie","author":"Catherine Bras-Henkes","date":"18. avril 2018","format":false,"excerpt":"Le p\u00e9riscolaire \u00e0 l\u2019Ecole Primaire Franco-Allemande Depuis l\u2019ann\u00e9e scolaire 2020\/21, le p\u00e9riscolaire \u00e0 l\u2019Ecole Primaire Franco-Allemande fonctionne selon le concept de la ville de Freiburg. Celle-ci a introduit le p\u00e9riscolaire en tant que service volontaire selon l\u2019article 2 de la charte de la commune. L\u2019Evangelische Jugendhilfe Freiburg-Z\u00e4hringen en est responsable\u2026","rel":"","context":"Article similaire","block_context":{"text":"Article similaire","link":""},"img":{"alt_text":"","src":"","width":0,"height":0},"classes":[]}],"jetpack_shortlink":"https:\/\/wp.me\/P9kppB-2b","jetpack_sharing_enabled":true,"_links":{"self":[{"href":"https:\/\/dfgs-freiburg.de\/index.php?rest_route=\/wp\/v2\/pages\/135","targetHints":{"allow":["GET"]}}],"collection":[{"href":"https:\/\/dfgs-freiburg.de\/index.php?rest_route=\/wp\/v2\/pages"}],"about":[{"href":"https:\/\/dfgs-freiburg.de\/index.php?rest_route=\/wp\/v2\/types\/page"}],"author":[{"embeddable":true,"href":"https:\/\/dfgs-freiburg.de\/index.php?rest_route=\/wp\/v2\/users\/1"}],"replies":[{"embeddable":true,"href":"https:\/\/dfgs-freiburg.de\/index.php?rest_route=%2Fwp%2Fv2%2Fcomments&post=135"}],"version-history":[{"count":1,"href":"https:\/\/dfgs-freiburg.de\/index.php?rest_route=\/wp\/v2\/pages\/135\/revisions"}],"predecessor-version":[{"id":136,"href":"https:\/\/dfgs-freiburg.de\/index.php?rest_route=\/wp\/v2\/pages\/135\/revisions\/136"}],"wp:attachment":[{"href":"https:\/\/dfgs-freiburg.de\/index.php?rest_route=%2Fwp%2Fv2%2Fmedia&parent=135"}],"curies":[{"name":"wp","href":"https:\/\/api.w.org\/{rel}","templated":true}]}}