{"id":130,"date":"2018-04-18T12:21:09","date_gmt":"2018-04-18T10:21:09","guid":{"rendered":"https:\/\/dfgs-freiburg.de\/?page_id=130"},"modified":"2019-09-05T09:54:59","modified_gmt":"2019-09-05T07:54:59","slug":"links","status":"publish","type":"page","link":"https:\/\/dfgs-freiburg.de\/?page_id=130","title":{"rendered":"Links"},"content":{"rendered":"<p><a href=\"https:\/\/aefe.fr\" target=\"_blank\" rel=\"noopener noreferrer\">L&rsquo;Agence pour l&rsquo;enseignement fran\u00e7ais \u00e0 l&rsquo;\u00e9tranger<\/a><\/p>\n<p><a href=\"https:\/\/ecole92.net\" target=\"_blank\" rel=\"noopener noreferrer\">Die deutsch-franz\u00f6sische Kindertagesst\u00e4tte in Freiburg<\/a><\/p>\n<p><a href=\"https:\/\/www.dfglfa.net\/dfg\/de\/\" target=\"_blank\" rel=\"noopener noreferrer\">Das deutsch-franz\u00f6sische Gymnasium in Freiburg<\/a><\/p>\n<p><a href=\"https:\/\/ccf-fr.de\">Centre culturel fran\u00e7ais<\/a><\/p>\n<p><a href=\"https:\/\/www.jugendhilfe-freiburg.de\">Evangelische Jugendhilfe Freiburg-Z\u00e4hringen<\/a><\/p>\n<p><a href=\"https:\/\/www.carl-schurz-haus.de\">Carl-Schurz-Haus Freiburg<\/a><\/p>\n<p><a href=\"https:\/\/www.scfreiburg.com\/verein\/engagement\/bewegung\/fuechsle-ballschule\">SC Freiburg- F\u00fcchsle-Ballschule<\/a><\/p>\n","protected":false},"excerpt":{"rendered":"<p>L&rsquo;Agence pour l&rsquo;enseignement fran\u00e7ais \u00e0 l&rsquo;\u00e9tranger Die deutsch-franz\u00f6sische Kindertagesst\u00e4tte in Freiburg Das deutsch-franz\u00f6sische Gymnasium in Freiburg Centre culturel fran\u00e7ais Evangelische Jugendhilfe Freiburg-Z\u00e4hringen Carl-Schurz-Haus Freiburg SC Freiburg- F\u00fcchsle-Ballschule<\/p>\n","protected":false},"author":1,"featured_media":0,"parent":0,"menu_order":0,"comment_status":"closed","ping_status":"closed","template":"","meta":{"jetpack_post_was_ever_published":false,"footnotes":""},"class_list":["post-130","page","type-page","status-publish","hentry"],"jetpack-related-posts":[{"id":2,"url":"https:\/\/dfgs-freiburg.de\/?page_id=2","url_meta":{"origin":130,"position":0},"title":"Unsere Schule","author":"Daniel Le Bras-Lerouge","date":"28. octobre 2017","format":false,"excerpt":"\u00a0 Die Deutsch-Franz\u00f6sische Grundschule ist Teil der deutsch-franz\u00f6sischen Schulstruktur, die in Freiburg von der \u00c9cole Maternelle bis zum Frankreich-Zentrum der Universit\u00e4t reicht. Sie wurde im September 1992 gegr\u00fcndet. Etwa 125 Kinder gehen hier zur Schule, sie kommen aus deutschen, franz\u00f6sischen, deutsch-franz\u00f6sischen oder frankophonen Familien. Die Schule ist binational: Tr\u00e4ger ist\u2026","rel":"","context":"Article similaire","block_context":{"text":"Article similaire","link":""},"img":{"alt_text":"","src":"https:\/\/i0.wp.com\/dfgs-freiburg.de\/wp-content\/uploads\/2018\/08\/sommerfest2017.jpg?fit=1200%2C675&ssl=1&resize=350%2C200","width":350,"height":200,"srcset":"https:\/\/i0.wp.com\/dfgs-freiburg.de\/wp-content\/uploads\/2018\/08\/sommerfest2017.jpg?fit=1200%2C675&ssl=1&resize=350%2C200 1x, https:\/\/i0.wp.com\/dfgs-freiburg.de\/wp-content\/uploads\/2018\/08\/sommerfest2017.jpg?fit=1200%2C675&ssl=1&resize=525%2C300 1.5x, https:\/\/i0.wp.com\/dfgs-freiburg.de\/wp-content\/uploads\/2018\/08\/sommerfest2017.jpg?fit=1200%2C675&ssl=1&resize=700%2C400 2x, https:\/\/i0.wp.com\/dfgs-freiburg.de\/wp-content\/uploads\/2018\/08\/sommerfest2017.jpg?fit=1200%2C675&ssl=1&resize=1050%2C600 3x"},"classes":[]},{"id":123,"url":"https:\/\/dfgs-freiburg.de\/?page_id=123","url_meta":{"origin":130,"position":1},"title":"Anmeldung","author":"Daniel Le Bras-Lerouge","date":"21. mars 2018","format":false,"excerpt":"Wie melden Sie Ihr Kind an? Aufnahmekriterien f\u00fcr die Schule Die Anzahl der aufgenommenen Kinder wird durch die verf\u00fcgbaren Pl\u00e4tze bestimmt. Die Aufnahme wird schriftlich mitgeteilt. Um an unserer Schule aufgenommen zu werden, muss die Familie ihren Wohnsitz in Freiburg und Umgebung haben. F\u00fcr Neuanmeldungen in die erste Klasse gilt:\u2026","rel":"","context":"Article similaire","block_context":{"text":"Article similaire","link":""},"img":{"alt_text":"","src":"","width":0,"height":0},"classes":[]},{"id":283,"url":"https:\/\/dfgs-freiburg.de\/?page_id=283","url_meta":{"origin":130,"position":2},"title":"Organisation","author":"Daniel Le Bras-Lerouge","date":"16. ao\u00fbt 2018","format":false,"excerpt":"Der Tagesablauf an der Schule \u00a0 Was macht mein Kind Wer betreut mein Kind? 8:00 Uhr - 8:10 Uhr Fr\u00fchaufsicht Lehrer \u00a0 CP CE1 CE2 CM1 CM2 8:10Uhr - 9:40Uhr Unterricht Lehrer 9:40Uhr - 10:00Uhr Pause 10:00Uhr-11:30Uhr Unterricht 11:30Uhr - 11:50Uhr Pause 11:50Uhr - 13:20Uhr Unterricht 13:20Uhr - Schulschluss Lehrer\u2026","rel":"","context":"Article similaire","block_context":{"text":"Article similaire","link":""},"img":{"alt_text":"","src":"","width":0,"height":0},"classes":[]},{"id":79,"url":"https:\/\/dfgs-freiburg.de\/?page_id=79","url_meta":{"origin":130,"position":3},"title":"Kontakt","author":"Daniel Le Bras-Lerouge","date":"2. f\u00e9vrier 2018","format":false,"excerpt":"Anschrift Deutsch-Franz\u00f6sische Grundschule Freiburg Belchenstr. 2 79115 Freiburg Schulleitung: Frau Burghardt Frau Bras-Henkes Telefon: 0761 \/ 476 2243 Fax: 0761 476 5457 E-Mail: sekretariat.dfgsvn@freiburger-schulen.bwl.de Zugang zu unserer Schule ist nur \u00fcber die Uffhauserstra\u00dfe m\u00f6glich. Sekretariat Sekret\u00e4rin: Frau H\u00f6rl-Schnabel \u00d6ffnungszeiten: Montags und Donnerstags von 07:30 - 11:30 Uhr Dienstags von 07:30\u2026","rel":"","context":"Article similaire","block_context":{"text":"Article similaire","link":""},"img":{"alt_text":"","src":"","width":0,"height":0},"classes":[]},{"id":73,"url":"https:\/\/dfgs-freiburg.de\/?page_id=73","url_meta":{"origin":130,"position":4},"title":"Gestaltung","author":"Daniel Le Bras-Lerouge","date":"2. f\u00e9vrier 2018","format":false,"excerpt":"Unterricht Im Unterricht werden die ca. 120 Sch\u00fcler\/innen sowohl im Rahmen des franz\u00f6sischen, als auch des deutschen Bildungsplanes auf die Ziele der jeweiligen Klassenstufe hingef\u00fchrt. Jede Klasse wird von einem deutsch-franz\u00f6sischen Lehrertandem unterrichtet. Unter den Lehrkr\u00e4ften findet eine w\u00f6chentliche Besprechung statt zur genauen Koordination des Unterrichts und zur Vorbereitung zweisprachiger\u2026","rel":"","context":"Article similaire","block_context":{"text":"Article similaire","link":""},"img":{"alt_text":"","src":"https:\/\/i0.wp.com\/dfgs-freiburg.de\/wp-content\/uploads\/2018\/09\/frankreich.png?resize=350%2C200&ssl=1","width":350,"height":200},"classes":[]},{"id":612,"url":"https:\/\/dfgs-freiburg.de\/?page_id=612","url_meta":{"origin":130,"position":5},"title":"Impressum","author":"Daniel Le Bras-Lerouge","date":"15. octobre 2018","format":false,"excerpt":"Deutsch-franz\u00f6sische Grundschule Freiburg Belchenstra\u00dfe 2 D - 79115 Freiburg Telefon: +49 761 4762243 E-Mail: sekretariat.dfgsvn@freiburger-schulen.bwl.de Internet: www.dfgs-freiburg.de Leitung \/ Direction: Karolin Burghardt (d) Catherine Bras-Henkes (f) Die Website wurde gestaltet von Johannes Charra. Die Texte werden von der Schulleitung und dem p\u00e4dagogischen Team erstellt und gepflegt. Das Layout basiert auf\u2026","rel":"","context":"Article similaire","block_context":{"text":"Article similaire","link":""},"img":{"alt_text":"","src":"","width":0,"height":0},"classes":[]}],"jetpack_shortlink":"https:\/\/wp.me\/P9kppB-26","jetpack_sharing_enabled":true,"_links":{"self":[{"href":"https:\/\/dfgs-freiburg.de\/index.php?rest_route=\/wp\/v2\/pages\/130","targetHints":{"allow":["GET"]}}],"collection":[{"href":"https:\/\/dfgs-freiburg.de\/index.php?rest_route=\/wp\/v2\/pages"}],"about":[{"href":"https:\/\/dfgs-freiburg.de\/index.php?rest_route=\/wp\/v2\/types\/page"}],"author":[{"embeddable":true,"href":"https:\/\/dfgs-freiburg.de\/index.php?rest_route=\/wp\/v2\/users\/1"}],"replies":[{"embeddable":true,"href":"https:\/\/dfgs-freiburg.de\/index.php?rest_route=%2Fwp%2Fv2%2Fcomments&post=130"}],"version-history":[{"count":7,"href":"https:\/\/dfgs-freiburg.de\/index.php?rest_route=\/wp\/v2\/pages\/130\/revisions"}],"predecessor-version":[{"id":1076,"href":"https:\/\/dfgs-freiburg.de\/index.php?rest_route=\/wp\/v2\/pages\/130\/revisions\/1076"}],"wp:attachment":[{"href":"https:\/\/dfgs-freiburg.de\/index.php?rest_route=%2Fwp%2Fv2%2Fmedia&parent=130"}],"curies":[{"name":"wp","href":"https:\/\/api.w.org\/{rel}","templated":true}]}}